{"id":664,"date":"2020-04-06T09:29:22","date_gmt":"2020-04-06T07:29:22","guid":{"rendered":"https:\/\/maincheck.de\/termine\/?page_id=664"},"modified":"2026-02-09T18:28:29","modified_gmt":"2026-02-09T17:28:29","slug":"berateruebersicht","status":"publish","type":"page","link":"https:\/\/maincheck.de\/termine\/","title":{"rendered":"Berater\u00fcbersicht"},"content":{"rendered":"<p>[vc_section content_placement=&#8220;top&#8220; el_class=&#8220;team_wrapper&#8220;][vc_row css=&#8220;.vc_custom_1586157744411{margin-top: 10px !important;}&#8220;][vc_column][vc_column_text css_animation=&#8220;none&#8220;]<\/p>\n<p style=\"text-align: right;\"><strong>Maincheck &#8211; Zentrum f\u00fcr Sexualit\u00e4t, Idendit\u00e4t und Gesundheit<\/strong><br \/>\n<strong>Friedberger Anlage 24<\/strong><br \/>\n<strong>60316 Frankfurt<\/strong><\/p>\n<p style=\"text-align: right;\"><strong>Telefon: 069-4058680<\/strong><\/p>\n<p style=\"text-align: right;\"><strong>offene Sprechstunde (ohne Voranmeldung)<\/strong><br \/>\n<strong>Mo &#8211; Fr, 13-14Uhr<\/strong><\/p>\n<p style=\"text-align: center;\"><strong>Termin Buchung unserer Berater*innen<\/strong><\/p>\n<p>[\/vc_column_text][\/vc_column][\/vc_row][vc_row equal_height=&#8220;yes&#8220;][vc_column width=&#8220;1\/2&#8243; el_class=&#8220;personal_InfoBox pib_right&#8220;][vc_separator color=&#8220;custom&#8220; border_width=&#8220;4&#8243; accent_color=&#8220;#cc00c1&#8243; el_class=&#8220;team_hr&#8220;][vc_single_image image=&#8220;558&#8243; alignment=&#8220;center&#8220; el_class=&#8220;team_image&#8220;][vc_column_text el_class=&#8220;team_text&#8220;]<\/p>\n<h2 style=\"text-align: center;\"><strong>Diego Quintana Adan<\/strong><\/h2>\n<h2 style=\"text-align: center;\">B.A. Sozialarbeiter<\/h2>\n<p>&nbsp;<\/p>\n<h3 style=\"text-align: center;\"><strong>Beratung<\/strong><\/h3>\n<p>[\/vc_column_text][vc_tta_accordion style=&#8220;flat&#8220; c_align=&#8220;center&#8220; c_icon=&#8220;chevron&#8220; c_position=&#8220;right&#8220; active_section=&#8220;99&#8243; collapsible_all=&#8220;true&#8220; css=&#8220;.vc_custom_1508435807730{margin-right: 10% !important;margin-left: 10% !important;}&#8220;][vc_tta_section tab_id=&#8220;1504090520656-2c78dad4-7b2a&#8220; title=&#8220;Schwerpunkte&#8220;][vc_column_text css_animation=&#8220;none&#8220; el_class=&#8220;personal_focus&#8220;]<\/p>\n<ul>\n<li>Beratung und Krisenintervention zu Sexualit\u00e4t<\/li>\n<li>Psychsoziale Beartung (auch in spanischer Sprache m\u00f6glich)<\/li>\n<li>Beratung zu HIV, AIDS &amp; STI<\/li>\n<li>Beratung f\u00fcr Angeh\u00f6rige<\/li>\n<li>Beratung zu sozialen Angelegenheiten<\/li>\n<li>PrEP-Beratung<\/li>\n<\/ul>\n<p>[\/vc_column_text][\/vc_tta_section][\/vc_tta_accordion][vc_btn title=&#8220;Jetzt Termin vereinbaren&#8220; color=&#8220;orange&#8220; align=&#8220;center&#8220; i_icon_fontawesome=&#8220;fa fa-calendar&#8220; add_icon=&#8220;true&#8220; link=&#8220;url:https%3A%2F%2Fmaincheck.de%2Ftermine%2Fdiego_adan%2F|title:Diego%20Adan||&#8220;][\/vc_column][vc_column width=&#8220;1\/2&#8243; el_class=&#8220;personal_InfoBox pib_left&#8220;][vc_separator color=&#8220;custom&#8220; border_width=&#8220;4&#8243; accent_color=&#8220;#cc00c1&#8243; el_class=&#8220;team_hr&#8220;][vc_single_image image=&#8220;558&#8243; alignment=&#8220;center&#8220; el_class=&#8220;team_image&#8220;][vc_column_text el_class=&#8220;team_text&#8220;]<\/p>\n<h2 style=\"text-align: center;\"><strong>Janos Erkens<\/strong><\/h2>\n<h2 style=\"text-align: center;\">M.A. Psychosoziale Beratung &amp; Recht<br \/>\nDiplom-Soziologe<\/h2>\n<h3 style=\"text-align: center;\"><strong>Beratung<\/strong><\/h3>\n<p>[\/vc_column_text][vc_tta_accordion style=&#8220;flat&#8220; c_align=&#8220;center&#8220; c_icon=&#8220;chevron&#8220; c_position=&#8220;right&#8220; active_section=&#8220;99&#8243; collapsible_all=&#8220;true&#8220; css=&#8220;.vc_custom_1504092166797{margin-right: 10% !important;margin-left: 10% !important;}&#8220;][vc_tta_section tab_id=&#8220;1504089840988-ce02faa2-4f40&#8243; title=&#8220;Schwerpunkte&#8220;][vc_column_text css_animation=&#8220;none&#8220; el_class=&#8220;personal_focus&#8220;]<\/p>\n<ul>\n<li>Geschlechtliche Identit\u00e4t &amp; sexuelle Orientierung<\/li>\n<li>Coming-out<\/li>\n<li>Konflikte und Krisen<\/li>\n<li>HIV-\/STI-Tests<\/li>\n<li>PrEP<\/li>\n<li>ChemSex<\/li>\n<li>Psychosoziale Beratung f\u00fcr Angeh\u00f6rige<\/li>\n<\/ul>\n<p>[\/vc_column_text][\/vc_tta_section][\/vc_tta_accordion][vc_btn title=&#8220;Jetzt Termin vereinbaren&#8220; color=&#8220;orange&#8220; align=&#8220;center&#8220; i_icon_fontawesome=&#8220;fa fa-calendar&#8220; add_icon=&#8220;true&#8220; link=&#8220;url:https%3A%2F%2Fmaincheck.de%2Ftermine%2Fjanos-erkens%2F|title:Janos%20Erkens||&#8220;][\/vc_column][\/vc_row][vc_row equal_height=&#8220;yes&#8220;][vc_column width=&#8220;1\/2&#8243; el_class=&#8220;personal_InfoBox pib_left&#8220;][vc_separator color=&#8220;custom&#8220; border_width=&#8220;4&#8243; accent_color=&#8220;#cc00c1&#8243; el_class=&#8220;team_hr&#8220;][vc_single_image image=&#8220;129&#8243; alignment=&#8220;center&#8220; el_class=&#8220;team_image&#8220;][vc_column_text el_class=&#8220;team_text&#8220;]<\/p>\n<h2 style=\"text-align: center;\"><strong>Raphael Fritz<br \/>\n<\/strong><\/h2>\n<h3 style=\"text-align: center;\"><strong>Beratung<\/strong><\/h3>\n<p>[\/vc_column_text][vc_tta_accordion style=&#8220;flat&#8220; c_align=&#8220;center&#8220; c_icon=&#8220;chevron&#8220; c_position=&#8220;right&#8220; active_section=&#8220;99&#8243; collapsible_all=&#8220;true&#8220; css=&#8220;.vc_custom_1504092166797{margin-right: 10% !important;margin-left: 10% !important;}&#8220;][vc_tta_section tab_id=&#8220;1586159192455-c5965804-fd9f&#8220; title=&#8220;Schwerpunkte&#8220;][vc_column_text css_animation=&#8220;none&#8220; el_class=&#8220;personal_focus&#8220;]Beratung und Krisenintervention zu Sexualit\u00e4t<br \/>\nBeratung zu HIV, AIDS &amp; STI<br \/>\nBeratung zu HIV-\/STI-Tests<br \/>\nBeratung f\u00fcr Angeh\u00f6rige<br \/>\nPrEP-Beratung[\/vc_column_text][\/vc_tta_section][\/vc_tta_accordion][vc_btn title=&#8220;Jetzt Termin vereinbaren&#8220; color=&#8220;orange&#8220; align=&#8220;center&#8220; i_icon_fontawesome=&#8220;fa fa-calendar&#8220; add_icon=&#8220;true&#8220; link=&#8220;url:https%3A%2F%2Fmaincheck.de%2Ftermine%2Fraphael-fritz%2F|title:Norman%20Wolf||&#8220;][\/vc_column][vc_column width=&#8220;1\/2&#8243; el_class=&#8220;personal_InfoBox pib_right&#8220;][vc_separator color=&#8220;custom&#8220; border_width=&#8220;4&#8243; accent_color=&#8220;#cc00c1&#8243; el_class=&#8220;team_hr&#8220;][vc_single_image image=&#8220;129&#8243; alignment=&#8220;center&#8220; el_class=&#8220;team_image&#8220;][vc_column_text el_class=&#8220;team_text&#8220;]<\/p>\n<h2 style=\"text-align: center;\"><strong>Marie Karlos<\/strong><\/h2>\n<h2 style=\"text-align: center;\">B.A. Sozialarbeiterin<\/h2>\n<h3 style=\"text-align: center;\"><strong>Beratung<\/strong><\/h3>\n<p>[\/vc_column_text][vc_tta_accordion style=&#8220;flat&#8220; c_align=&#8220;center&#8220; c_icon=&#8220;chevron&#8220; c_position=&#8220;right&#8220; active_section=&#8220;99&#8243; collapsible_all=&#8220;true&#8220; css=&#8220;.vc_custom_1504092166797{margin-right: 10% !important;margin-left: 10% !important;}&#8220;][vc_tta_section tab_id=&#8220;1586159192842-9d8b56d9-9cc4&#8243; title=&#8220;Schwerpunkte&#8220;][vc_column_text css_animation=&#8220;none&#8220; el_class=&#8220;personal_focus&#8220;]<\/p>\n<ul>\n<li>Kinderwunschberatung<\/li>\n<li>Angeh\u00f6rigenberatung<\/li>\n<li>sexuelle Orientierung\/Identit\u00e4t<\/li>\n<li>Ansprechpartnerin f\u00fcr HIV-positive Frauen<\/li>\n<li>Krisenintervention<\/li>\n<li>psychosoziale Beratung<\/li>\n<li>PrEP-Beratung<\/li>\n<li>Beratung zum Prostituiertenschutzgeset<\/li>\n<\/ul>\n<p>[\/vc_column_text][\/vc_tta_section][\/vc_tta_accordion][vc_btn title=&#8220;Jetzt Termin vereinbaren&#8220; color=&#8220;orange&#8220; align=&#8220;center&#8220; i_icon_fontawesome=&#8220;fa fa-calendar&#8220; add_icon=&#8220;true&#8220; link=&#8220;url:https%3A%2F%2Fmaincheck.de%2Ftermine%2Fmarie-karlos%2F|title:Marie%20Karlos||&#8220;][\/vc_column][\/vc_row][vc_row equal_height=&#8220;yes&#8220;][vc_column width=&#8220;1\/2&#8243; el_class=&#8220;personal_InfoBox pib_left&#8220;][vc_separator color=&#8220;custom&#8220; border_width=&#8220;4&#8243; accent_color=&#8220;#cc00c1&#8243; el_class=&#8220;team_hr&#8220;][vc_single_image image=&#8220;129&#8243; alignment=&#8220;center&#8220; el_class=&#8220;team_image&#8220;][vc_column_text el_class=&#8220;team_text&#8220;]<\/p>\n<h2 style=\"text-align: center;\"><strong>Stefan Hauer<\/strong><br \/>\nSoziale Arbeit M.A.<\/h2>\n<h3 style=\"text-align: center;\"><strong>Beratung<\/strong><\/h3>\n<h3 style=\"text-align: center;\"><\/h3>\n<p>[\/vc_column_text][vc_tta_accordion style=&#8220;flat&#8220; c_align=&#8220;center&#8220; c_icon=&#8220;chevron&#8220; c_position=&#8220;right&#8220; active_section=&#8220;99&#8243; collapsible_all=&#8220;true&#8220; css=&#8220;.vc_custom_1504092166797{margin-right: 10% !important;margin-left: 10% !important;}&#8220;][vc_tta_section tab_id=&#8220;1676289966666-2e4af5bb-0340&#8243; title=&#8220;Schwerpunkte&#8220;][vc_column_text css_animation=&#8220;none&#8220; el_class=&#8220;personal_focus&#8220;]Beratung zu:<\/p>\n<ul>\n<li>Sex\/Sexualit\u00e4t<\/li>\n<li>sexualp\u00e4dagogische Beratung<\/li>\n<li>ChemSex<\/li>\n<li>Sozialrecht<\/li>\n<li>Coming-Out \/ Idendit\u00e4t<\/li>\n<li>PrEP<\/li>\n<li>psychosziale Beratung<\/li>\n<li>sexuelle\/romantische Orientierung<\/li>\n<li>Krisenintervention<\/li>\n<li>Testberatung\/HIV,AIDS &amp; STI<\/li>\n<\/ul>\n<p>[\/vc_column_text][\/vc_tta_section][\/vc_tta_accordion][vc_btn title=&#8220;Jetzt Termin vereinbaren&#8220; color=&#8220;orange&#8220; align=&#8220;center&#8220; i_icon_fontawesome=&#8220;fa fa-calendar&#8220; add_icon=&#8220;true&#8220; link=&#8220;url:https%3A%2F%2Fmaincheck.de%2Ftermine%2Fstefan-hauer%2F|title:Stefan%20Hauer||&#8220;][\/vc_column][vc_column width=&#8220;1\/2&#8243; el_class=&#8220;personal_InfoBox pib_right&#8220;][vc_separator color=&#8220;custom&#8220; border_width=&#8220;4&#8243; accent_color=&#8220;#cc00c1&#8243; el_class=&#8220;team_hr&#8220;][vc_single_image image=&#8220;129&#8243; alignment=&#8220;center&#8220; el_class=&#8220;team_image&#8220;][vc_column_text el_class=&#8220;team_text&#8220;]<\/p>\n<h2 style=\"text-align: center;\">Maincheck_up<strong><br \/>\nanonyme HIV + STI Testung<\/strong><\/h2>\n<p>[\/vc_column_text][vc_tta_accordion style=&#8220;flat&#8220; c_align=&#8220;center&#8220; c_icon=&#8220;chevron&#8220; c_position=&#8220;right&#8220; active_section=&#8220;99&#8243; collapsible_all=&#8220;true&#8220; css=&#8220;.vc_custom_1504092166797{margin-right: 10% !important;margin-left: 10% !important;}&#8220;][vc_tta_section tab_id=&#8220;1676289967149-c1725b09-5b66&#8243; title=&#8220;Schwerpunkte&#8220;][vc_column_text css_animation=&#8220;none&#8220; el_class=&#8220;personal_focus&#8220;]<\/p>\n<p style=\"text-align: center;\"><strong>Terminvergabe f\u00fcr Maincheck_up<\/strong><br \/>\n<strong>ab 01.04.2023<\/strong><\/p>\n<p>&nbsp;<\/p>\n<ul>\n<li>Testberatung, PrEP-Beratung<\/li>\n<li>Testung auf HIV und Syphilis<\/li>\n<li>Testung auf STI (Chlamydien, Gonokokken)<\/li>\n<li>Testung auf Hepatitis B+C<\/li>\n<li><strong>Bar- und Kartenzahlung m\u00f6glich<\/strong><\/li>\n<\/ul>\n<p><strong>Plane f\u00fcr diesen Termin mind. 60 min. ein<\/strong><br \/>\n(Beratung, Blutentnahme, Ergebnismitteilung bei Schnelltests)<\/p>\n<p><strong>Auch mit Termin kann es zu Verz\u00f6gerungen kommen!!<\/strong><\/p>\n<p>Das Angebot ist anonym und vertraulich, bei der Terminierung kannst du einen Alias-Name und E-Mail-Adresse eingeben.[\/vc_column_text][\/vc_tta_section][\/vc_tta_accordion][vc_btn title=&#8220;Jetzt Termin vereinbaren&#8220; color=&#8220;orange&#8220; align=&#8220;center&#8220; i_icon_fontawesome=&#8220;fa fa-calendar&#8220; add_icon=&#8220;true&#8220; link=&#8220;url:https%3A%2F%2Fmaincheck.de%2Ftermine%2Fmaincheck_up%2F|title:Transberatung||&#8220;][\/vc_column][\/vc_row][vc_row equal_height=&#8220;yes&#8220;][vc_column width=&#8220;1\/2&#8243; el_class=&#8220;personal_InfoBox pib_left&#8220;][vc_separator color=&#8220;custom&#8220; border_width=&#8220;4&#8243; accent_color=&#8220;#cc00c1&#8243; el_class=&#8220;team_hr&#8220;][vc_single_image image=&#8220;129&#8243; alignment=&#8220;center&#8220; el_class=&#8220;team_image&#8220;][vc_column_text el_class=&#8220;team_text&#8220;]<\/p>\n<h2 style=\"text-align: center;\"><strong>Michelle Augustin<\/strong><\/h2>\n<h3 style=\"text-align: center;\"><strong>Beratung<\/strong><\/h3>\n<h3 style=\"text-align: center;\"><\/h3>\n<p>[\/vc_column_text][vc_tta_accordion style=&#8220;flat&#8220; c_align=&#8220;center&#8220; c_icon=&#8220;chevron&#8220; c_position=&#8220;right&#8220; active_section=&#8220;99&#8243; collapsible_all=&#8220;true&#8220; css=&#8220;.vc_custom_1504092166797{margin-right: 10% !important;margin-left: 10% !important;}&#8220;][vc_tta_section tab_id=&#8220;1754312427057-d4e41da1-daef&#8220; title=&#8220;Schwerpunkte&#8220;][vc_column_text css_animation=&#8220;none&#8220; el_class=&#8220;personal_focus&#8220;]<\/p>\n<ul>\n<li>sozialrechtliche Beratung,<\/li>\n<li>Beratung f\u00fcr Frauen*,<\/li>\n<li>Beratung zu Sexualit\u00e4t &amp; Identit\u00e4t,<\/li>\n<li>Coming-Out Beratung<\/li>\n<\/ul>\n<p>[\/vc_column_text][\/vc_tta_section][\/vc_tta_accordion][vc_btn title=&#8220;Jetzt Termin vereinbaren&#8220; color=&#8220;orange&#8220; align=&#8220;center&#8220; i_icon_fontawesome=&#8220;fa fa-calendar&#8220; add_icon=&#8220;true&#8220; link=&#8220;url:https%3A%2F%2Fmaincheck.de%2Ftermine%2Fmichelle-augustin%2F|title:Michelle%20Augustin||&#8220;][\/vc_column][vc_column width=&#8220;1\/2&#8243; el_class=&#8220;personal_InfoBox pib_right&#8220;][vc_separator color=&#8220;custom&#8220; border_width=&#8220;4&#8243; accent_color=&#8220;#cc00c1&#8243; el_class=&#8220;team_hr&#8220;][\/vc_column][\/vc_row][vc_row equal_height=&#8220;yes&#8220;][vc_column width=&#8220;1\/2&#8243; el_class=&#8220;personal_InfoBox pib_left&#8220;][vc_separator color=&#8220;custom&#8220; border_width=&#8220;4&#8243; accent_color=&#8220;#cc00c1&#8243; el_class=&#8220;team_hr&#8220;][vc_single_image image=&#8220;558&#8243; alignment=&#8220;center&#8220; el_class=&#8220;team_image&#8220;][vc_column_text el_class=&#8220;team_text&#8220;]<\/p>\n<h2 style=\"text-align: center;\">SamHealth.de &#8211; Testung f\u00fcr Zuhause<\/h2>\n<h3 style=\"text-align: center;\">(vorherige Registrierung erforderlich) Erstberatung<\/h3>\n<p>[\/vc_column_text][vc_tta_accordion style=&#8220;flat&#8220; c_align=&#8220;center&#8220; c_icon=&#8220;chevron&#8220; c_position=&#8220;right&#8220; active_section=&#8220;99&#8243; collapsible_all=&#8220;true&#8220; css=&#8220;.vc_custom_1504092166797{margin-right: 10% !important;margin-left: 10% !important;}&#8220;][vc_tta_section tab_id=&#8220;1508486751178-d3a8a119-04ad&#8220; title=&#8220;Schwerpunkte&#8220;][vc_column_text css_animation=&#8220;none&#8220; el_class=&#8220;personal_focus&#8220;]Regelm\u00e4\u00dfige Tests auf:<\/p>\n<ul>\n<li>Registrierung unter www.samhealth.de (erforderlich)<\/li>\n<li>Tripper (Gonorrh\u00f6)<\/li>\n<li>Chlamydien<\/li>\n<li>Syphilis<\/li>\n<li>HIV<\/li>\n<li>Im Abo alle 3,6 oder 12 Monate<\/li>\n<li>jederzeit per SMS k\u00fcndbar<\/li>\n<li>Jetzt Termin vereinbaren<\/li>\n<\/ul>\n<p>[\/vc_column_text][\/vc_tta_section][\/vc_tta_accordion][vc_btn title=&#8220;Jetzt Termin vereinbaren&#8220; color=&#8220;orange&#8220; align=&#8220;center&#8220; i_icon_fontawesome=&#8220;fa fa-calendar&#8220; add_icon=&#8220;true&#8220; link=&#8220;url:https%3A%2F%2Fmaincheck.de%2Ftermine%2Fsam_health%2F|title:Termine_SAM||&#8220;][\/vc_column][vc_column width=&#8220;1\/2&#8243; el_class=&#8220;personal_InfoBox pib_right&#8220;][vc_separator color=&#8220;custom&#8220; border_width=&#8220;4&#8243; accent_color=&#8220;#cc00c1&#8243; el_class=&#8220;team_hr&#8220;][vc_single_image image=&#8220;558&#8243; alignment=&#8220;center&#8220; el_class=&#8220;team_image&#8220;][vc_column_text el_class=&#8220;team_text&#8220;]<\/p>\n<h2 style=\"text-align: center;\"><strong>Anne Lind, M.A.<\/strong><\/h2>\n<h2 style=\"text-align: center;\">M.A. Psychosoziale Beratung &amp; Recht<br \/>\nB.A. Soziale Arbeit<\/h2>\n<p>&nbsp;<\/p>\n<h3 style=\"text-align: center;\"><strong>Beratung<\/strong><\/h3>\n<h3 style=\"text-align: center;\"><\/h3>\n<p>[\/vc_column_text][vc_tta_accordion style=&#8220;flat&#8220; c_align=&#8220;center&#8220; c_icon=&#8220;chevron&#8220; c_position=&#8220;right&#8220; active_section=&#8220;99&#8243; collapsible_all=&#8220;true&#8220; css=&#8220;.vc_custom_1504092166797{margin-right: 10% !important;margin-left: 10% !important;}&#8220;][vc_tta_section tab_id=&#8220;1719222699778-244a2429-22b5&#8243; title=&#8220;Schwerpunkte&#8220;][\/vc_tta_section][\/vc_tta_accordion][vc_btn title=&#8220;Jetzt Termin vereinbaren&#8220; color=&#8220;orange&#8220; align=&#8220;center&#8220; i_icon_fontawesome=&#8220;fa fa-calendar&#8220; add_icon=&#8220;true&#8220; link=&#8220;url:https%3A%2F%2Fmaincheck.de%2Ftermine%2Fanne-lind%2F|title:Anne%20Lind||&#8220;][\/vc_column][\/vc_row][vc_row equal_height=&#8220;yes&#8220;][vc_column width=&#8220;1\/2&#8243; el_class=&#8220;personal_InfoBox pib_left&#8220;][vc_separator color=&#8220;custom&#8220; border_width=&#8220;4&#8243; accent_color=&#8220;#cc00c1&#8243; el_class=&#8220;team_hr&#8220;][vc_single_image image=&#8220;129&#8243; alignment=&#8220;center&#8220; el_class=&#8220;team_image&#8220;][vc_column_text el_class=&#8220;team_text&#8220;]<\/p>\n<h2 style=\"text-align: center;\">Rentenberatung<\/h2>\n<h3 style=\"text-align: center;\">Beratung<\/h3>\n<h3 style=\"text-align: center;\"><\/h3>\n<p>[\/vc_column_text][vc_tta_accordion style=&#8220;flat&#8220; c_align=&#8220;center&#8220; c_icon=&#8220;chevron&#8220; c_position=&#8220;right&#8220; active_section=&#8220;99&#8243; collapsible_all=&#8220;true&#8220; css=&#8220;.vc_custom_1504092166797{margin-right: 10% !important;margin-left: 10% !important;}&#8220;][vc_tta_section tab_id=&#8220;1504092197467-a52010b1-ebed&#8220; title=&#8220;Schwerpunkte&#8220;][vc_column_text css_animation=&#8220;none&#8220; el_class=&#8220;personal_focus&#8220;]<\/p>\n<ul>\n<li>Rentenberatung<\/li>\n<li>Termine nur \u00fcber den Empfang 069-405868-0<\/li>\n<\/ul>\n<p>[\/vc_column_text][\/vc_tta_section][\/vc_tta_accordion][vc_btn title=&#8220;Jetzt Termin vereinbaren&#8220; color=&#8220;orange&#8220; align=&#8220;center&#8220; i_icon_fontawesome=&#8220;fa fa-calendar&#8220; add_icon=&#8220;true&#8220; link=&#8220;url:https%3A%2F%2Fmaincheck.de%2Ftermine%2Frentenberatung%2F|title:Rentenberatung||&#8220;][\/vc_column][vc_column width=&#8220;1\/2&#8243; el_class=&#8220;personal_InfoBox pib_right&#8220;][vc_separator color=&#8220;custom&#8220; border_width=&#8220;4&#8243; accent_color=&#8220;#cc00c1&#8243; el_class=&#8220;team_hr&#8220;][vc_single_image image=&#8220;129&#8243; alignment=&#8220;center&#8220; el_class=&#8220;team_image&#8220;][vc_column_text el_class=&#8220;team_text&#8220;]<\/p>\n<h2 style=\"text-align: center;\">Jessica Purkhardt<\/h2>\n<h3 style=\"text-align: center;\">Transberatung<\/h3>\n<p>[\/vc_column_text][vc_tta_accordion style=&#8220;flat&#8220; c_align=&#8220;center&#8220; c_icon=&#8220;chevron&#8220; c_position=&#8220;right&#8220; active_section=&#8220;99&#8243; collapsible_all=&#8220;true&#8220; css=&#8220;.vc_custom_1504092166797{margin-right: 10% !important;margin-left: 10% !important;}&#8220;][vc_tta_section tab_id=&#8220;1504092948800-481d03ef-adec&#8220; title=&#8220;Peer to Peer&#8220;][vc_column_text css_animation=&#8220;none&#8220; el_class=&#8220;personal_focus&#8220;]<\/p>\n<ul>\n<li>Coming-Out<\/li>\n<li>Erste Schritte<\/li>\n<li>Selbstwahrnehmung &amp; Identit\u00e4t<\/li>\n<li>Diskriminierung<\/li>\n<li>Gesundheit<\/li>\n<li>Probleme mit Familie &amp; Freundeskreis<\/li>\n<\/ul>\n<p>Termine nach Vereinbarung unter: transid@ah-frankfurt.de[\/vc_column_text][\/vc_tta_section][\/vc_tta_accordion][vc_btn title=&#8220;Jetzt Termin vereinbaren&#8220; color=&#8220;orange&#8220; align=&#8220;center&#8220; i_icon_fontawesome=&#8220;fa fa-calendar&#8220; add_icon=&#8220;true&#8220; link=&#8220;url:https%3A%2F%2Fmaincheck.de%2Ftermine%2Ftransberatung%2F|title:Transberatung||&#8220;][\/vc_column][\/vc_row][\/vc_section]<\/p>\n","protected":false},"excerpt":{"rendered":"<p>[vc_section content_placement=&#8220;top&#8220; el_class=&#8220;team_wrapper&#8220;][vc_row css=&#8220;.vc_custom_1586157744411{margin-top: 10px !important;}&#8220;][vc_column][vc_column_text css_animation=&#8220;none&#8220;] Maincheck &#8211; Zentrum f\u00fcr Sexualit\u00e4t, Idendit\u00e4t und Gesundheit Friedberger Anlage 24 60316 Frankfurt Telefon: 069-4058680 offene Sprechstunde (ohne Voranmeldung) Mo &#8211; Fr, 13-14Uhr Termin Buchung unserer Berater*innen [\/vc_column_text][\/vc_column][\/vc_row][vc_row equal_height=&#8220;yes&#8220;][vc_column width=&#8220;1\/2&#8243; el_class=&#8220;personal_InfoBox pib_right&#8220;][vc_separator color=&#8220;custom&#8220; border_width=&#8220;4&#8243; accent_color=&#8220;#cc00c1&#8243; el_class=&#8220;team_hr&#8220;][vc_single_image image=&#8220;558&#8243; alignment=&#8220;center&#8220; el_class=&#8220;team_image&#8220;][vc_column_text el_class=&#8220;team_text&#8220;] Diego Quintana Adan B.A. Sozialarbeiter &nbsp; Beratung [\/vc_column_text][vc_tta_accordion [&hellip;]<\/p>\n","protected":false},"author":2,"featured_media":0,"parent":0,"menu_order":0,"comment_status":"closed","ping_status":"closed","template":"","meta":{"footnotes":""},"class_list":["post-664","page","type-page","status-publish","hentry"],"yoast_head":"<!-- This site is optimized with the Yoast SEO plugin v17.8 - https:\/\/yoast.com\/wordpress\/plugins\/seo\/ -->\n<title>Berater\u00fcbersicht - Termin vereinbaren<\/title>\n<meta name=\"robots\" content=\"noindex, nofollow\" \/>\n<meta property=\"og:locale\" content=\"de_DE\" \/>\n<meta property=\"og:type\" content=\"article\" \/>\n<meta property=\"og:title\" content=\"Berater\u00fcbersicht - Termin vereinbaren\" \/>\n<meta property=\"og:description\" content=\"[vc_section content_placement=&#8220;top&#8220; el_class=&#8220;team_wrapper&#8220;][vc_row css=&#8220;.vc_custom_1586157744411{margin-top: 10px !important;}&#8220;][vc_column][vc_column_text css_animation=&#8220;none&#8220;] Maincheck &#8211; Zentrum f\u00fcr Sexualit\u00e4t, Idendit\u00e4t und Gesundheit Friedberger Anlage 24 60316 Frankfurt Telefon: 069-4058680 offene Sprechstunde (ohne Voranmeldung) Mo &#8211; Fr, 13-14Uhr Termin Buchung unserer Berater*innen [\/vc_column_text][\/vc_column][\/vc_row][vc_row equal_height=&#8220;yes&#8220;][vc_column width=&#8220;1\/2&#8243; el_class=&#8220;personal_InfoBox pib_right&#8220;][vc_separator color=&#8220;custom&#8220; border_width=&#8220;4&#8243; accent_color=&#8220;#cc00c1&#8243; el_class=&#8220;team_hr&#8220;][vc_single_image image=&#8220;558&#8243; alignment=&#8220;center&#8220; el_class=&#8220;team_image&#8220;][vc_column_text el_class=&#8220;team_text&#8220;] Diego Quintana Adan B.A. Sozialarbeiter &nbsp; Beratung [\/vc_column_text][vc_tta_accordion [&hellip;]\" \/>\n<meta property=\"og:url\" content=\"https:\/\/maincheck.de\/termine\/\" \/>\n<meta property=\"og:site_name\" content=\"Termin vereinbaren\" \/>\n<meta property=\"article:modified_time\" content=\"2026-02-09T17:28:29+00:00\" \/>\n<meta name=\"twitter:card\" content=\"summary\" \/>\n<meta name=\"twitter:label1\" content=\"Gesch\u00e4tzte Lesezeit\" \/>\n\t<meta name=\"twitter:data1\" content=\"4\u00a0Minuten\" \/>\n<script type=\"application\/ld+json\" class=\"yoast-schema-graph\">{\"@context\":\"https:\/\/schema.org\",\"@graph\":[{\"@type\":\"WebSite\",\"@id\":\"https:\/\/maincheck.de\/termine\/#website\",\"url\":\"https:\/\/maincheck.de\/termine\/\",\"name\":\"Termin vereinbaren\",\"description\":\"\",\"potentialAction\":[{\"@type\":\"SearchAction\",\"target\":{\"@type\":\"EntryPoint\",\"urlTemplate\":\"https:\/\/maincheck.de\/termine\/?s={search_term_string}\"},\"query-input\":\"required name=search_term_string\"}],\"inLanguage\":\"de\"},{\"@type\":\"WebPage\",\"@id\":\"https:\/\/maincheck.de\/termine\/#webpage\",\"url\":\"https:\/\/maincheck.de\/termine\/\",\"name\":\"Berater\\u00fcbersicht - Termin vereinbaren\",\"isPartOf\":{\"@id\":\"https:\/\/maincheck.de\/termine\/#website\"},\"datePublished\":\"2020-04-06T07:29:22+00:00\",\"dateModified\":\"2026-02-09T17:28:29+00:00\",\"breadcrumb\":{\"@id\":\"https:\/\/maincheck.de\/termine\/#breadcrumb\"},\"inLanguage\":\"de\",\"potentialAction\":[{\"@type\":\"ReadAction\",\"target\":[\"https:\/\/maincheck.de\/termine\/\"]}]},{\"@type\":\"BreadcrumbList\",\"@id\":\"https:\/\/maincheck.de\/termine\/#breadcrumb\",\"itemListElement\":[{\"@type\":\"ListItem\",\"position\":1,\"name\":\"Startseite\",\"item\":\"https:\/\/maincheck.de\/termine\/\"},{\"@type\":\"ListItem\",\"position\":2,\"name\":\"Berater\\u00fcbersicht\"}]}]}<\/script>\n<!-- \/ Yoast SEO plugin. -->","yoast_head_json":{"title":"Berater\u00fcbersicht - Termin vereinbaren","robots":{"index":"noindex","follow":"nofollow"},"og_locale":"de_DE","og_type":"article","og_title":"Berater\u00fcbersicht - Termin vereinbaren","og_description":"[vc_section content_placement=&#8220;top&#8220; el_class=&#8220;team_wrapper&#8220;][vc_row css=&#8220;.vc_custom_1586157744411{margin-top: 10px !important;}&#8220;][vc_column][vc_column_text css_animation=&#8220;none&#8220;] Maincheck &#8211; Zentrum f\u00fcr Sexualit\u00e4t, Idendit\u00e4t und Gesundheit Friedberger Anlage 24 60316 Frankfurt Telefon: 069-4058680 offene Sprechstunde (ohne Voranmeldung) Mo &#8211; Fr, 13-14Uhr Termin Buchung unserer Berater*innen [\/vc_column_text][\/vc_column][\/vc_row][vc_row equal_height=&#8220;yes&#8220;][vc_column width=&#8220;1\/2&#8243; el_class=&#8220;personal_InfoBox pib_right&#8220;][vc_separator color=&#8220;custom&#8220; border_width=&#8220;4&#8243; accent_color=&#8220;#cc00c1&#8243; el_class=&#8220;team_hr&#8220;][vc_single_image image=&#8220;558&#8243; alignment=&#8220;center&#8220; el_class=&#8220;team_image&#8220;][vc_column_text el_class=&#8220;team_text&#8220;] Diego Quintana Adan B.A. Sozialarbeiter &nbsp; Beratung [\/vc_column_text][vc_tta_accordion [&hellip;]","og_url":"https:\/\/maincheck.de\/termine\/","og_site_name":"Termin vereinbaren","article_modified_time":"2026-02-09T17:28:29+00:00","twitter_card":"summary","twitter_misc":{"Gesch\u00e4tzte Lesezeit":"4\u00a0Minuten"},"schema":{"@context":"https:\/\/schema.org","@graph":[{"@type":"WebSite","@id":"https:\/\/maincheck.de\/termine\/#website","url":"https:\/\/maincheck.de\/termine\/","name":"Termin vereinbaren","description":"","potentialAction":[{"@type":"SearchAction","target":{"@type":"EntryPoint","urlTemplate":"https:\/\/maincheck.de\/termine\/?s={search_term_string}"},"query-input":"required name=search_term_string"}],"inLanguage":"de"},{"@type":"WebPage","@id":"https:\/\/maincheck.de\/termine\/#webpage","url":"https:\/\/maincheck.de\/termine\/","name":"Berater\u00fcbersicht - Termin vereinbaren","isPartOf":{"@id":"https:\/\/maincheck.de\/termine\/#website"},"datePublished":"2020-04-06T07:29:22+00:00","dateModified":"2026-02-09T17:28:29+00:00","breadcrumb":{"@id":"https:\/\/maincheck.de\/termine\/#breadcrumb"},"inLanguage":"de","potentialAction":[{"@type":"ReadAction","target":["https:\/\/maincheck.de\/termine\/"]}]},{"@type":"BreadcrumbList","@id":"https:\/\/maincheck.de\/termine\/#breadcrumb","itemListElement":[{"@type":"ListItem","position":1,"name":"Startseite","item":"https:\/\/maincheck.de\/termine\/"},{"@type":"ListItem","position":2,"name":"Berater\u00fcbersicht"}]}]}},"_links":{"self":[{"href":"https:\/\/maincheck.de\/termine\/wp-json\/wp\/v2\/pages\/664","targetHints":{"allow":["GET"]}}],"collection":[{"href":"https:\/\/maincheck.de\/termine\/wp-json\/wp\/v2\/pages"}],"about":[{"href":"https:\/\/maincheck.de\/termine\/wp-json\/wp\/v2\/types\/page"}],"author":[{"embeddable":true,"href":"https:\/\/maincheck.de\/termine\/wp-json\/wp\/v2\/users\/2"}],"replies":[{"embeddable":true,"href":"https:\/\/maincheck.de\/termine\/wp-json\/wp\/v2\/comments?post=664"}],"version-history":[{"count":81,"href":"https:\/\/maincheck.de\/termine\/wp-json\/wp\/v2\/pages\/664\/revisions"}],"predecessor-version":[{"id":1296,"href":"https:\/\/maincheck.de\/termine\/wp-json\/wp\/v2\/pages\/664\/revisions\/1296"}],"wp:attachment":[{"href":"https:\/\/maincheck.de\/termine\/wp-json\/wp\/v2\/media?parent=664"}],"curies":[{"name":"wp","href":"https:\/\/api.w.org\/{rel}","templated":true}]}}